{"id":24,"date":"2022-03-25T04:06:09","date_gmt":"2022-03-25T03:06:09","guid":{"rendered":"http:\/\/tdi_1_731"},"modified":"2025-12-03T00:16:10","modified_gmt":"2025-12-02T23:16:10","slug":"dk-nyheder","status":"publish","type":"page","link":"https:\/\/www.dknyheder.dk\/da-dk\/","title":{"rendered":"DK Nyheder"},"content":{"rendered":"<div class=\"wpb-content-wrapper\"><p>[vc_row][vc_column sticky_sidebar=&#8221;yes&#8221;]<div  class=\"jeg_heroblock jeg_heroblock_13 jeg_col_3o3 jeg_hero_style_7 jnews_module__0_69ef12fb9e2e0  \" data-margin=\"0\" >\n                <div class=\"jeg_hero_wrapper\"><div class=\"jeg_heroblock_wrapper\" style='margin: 0px 0px -0px -0px;'>\n\t                <article class=\"jeg_post jeg_hero_item_1 format-standard\" style=\"padding: 0 0 0px 0px;\">\n                        <div class=\"jeg_block_container\">\n                            \n                            <span class=\"jeg_postformat_icon\"><\/span>\n                            <div class=\"jeg_thumb\">\n                                <a href=\"https:\/\/www.dknyheder.dk\/da-dk\/erhverv\/nye-tal-byggebranchen-oplever-beskaeftigelsesboom\/2482\/\"  aria-label=\"Read article: Nye tal: Byggebranchen oplever besk\u00e6ftigelsesboom\"><div class=\"thumbnail-container thumbnail-background\" data-src=\"https:\/\/www.dknyheder.dk\/da-dk\/wp-content\/uploads\/2025\/12\/byggeri-1140x760.jpg\" >\n                        <div class=\"lazyloaded\" data-src=\"https:\/\/www.dknyheder.dk\/da-dk\/wp-content\/uploads\/2025\/12\/byggeri-1140x760.jpg\" style=\"background-image: url(https:\/\/www.dknyheder.dk\/da-dk\/wp-content\/uploads\/2025\/12\/byggeri-1140x760.jpg)\"><img decoding=\"async\" class=\"thumbnail-prioritize\" src=\"https:\/\/www.dknyheder.dk\/da-dk\/wp-content\/uploads\/2025\/12\/byggeri-1140x760.jpg\" style=\"display: none\" ><\/div>\n                    <\/div><\/a>\n                            <\/div>\n                            <div class=\"jeg_postblock_content\">\n                                <div class=\"jeg_post_category\"><a href=\"https:\/\/www.dknyheder.dk\/da-dk\/erhverv\/\" class=\"category-erhverv\">Erhverv<\/a><\/div>\n                                <div class=\"jeg_post_info\">\n                                    <h2 class=\"jeg_post_title\">\n                                        <a href=\"https:\/\/www.dknyheder.dk\/da-dk\/erhverv\/nye-tal-byggebranchen-oplever-beskaeftigelsesboom\/2482\/\"  aria-label=\"Read article: Nye tal: Byggebranchen oplever besk\u00e6ftigelsesboom\">Nye tal: Byggebranchen oplever besk\u00e6ftigelsesboom<\/a>\n                                    <\/h2>\n                                    \n                                <\/div>\n                            <\/div>\n                        <\/div>\n                    <\/article>\n\t            <\/div><\/div>\n            <\/div>\n            <style scoped>@media only screen and (min-width: 1025px) { .jeg_heroblock.jnews_module__0_69ef12fb9e2e0 .jeg_heroblock_wrapper{ height: 600px; } }@media only screen and (max-width: 1024px) and (min-width: 769px) { .jeg_heroblock.jnews_module__0_69ef12fb9e2e0 .jeg_heroblock_wrapper{ height: 600px; } }@media only screen and (max-width: 768px) and (min-width: 668px) { .jeg_heroblock.jnews_module__0_69ef12fb9e2e0 .jeg_heroblock_wrapper{ height: 600px; } }@media only screen and (max-width: 667px) and (min-width: 569px) { .jeg_heroblock.jnews_module__0_69ef12fb9e2e0 .jeg_heroblock_wrapper{ height: 480px; } }@media only screen and (max-width: 568px) and (min-width: 481px) { .jeg_heroblock.jnews_module__0_69ef12fb9e2e0 .jeg_heroblock_wrapper{ height: 420px; } }@media only screen and (max-width: 480px) { .jeg_heroblock.jnews_module__0_69ef12fb9e2e0 .jeg_heroblock_wrapper{ height: 360px; } }<\/style><div  class=\"jeg_postblock_11 jeg_postblock jeg_module_hook jeg_pagination_disable jeg_col_3o3 jnews_module__1_69ef12fb9f553   \" data-unique=\"jnews_module__1_69ef12fb9f553\">\n\t\t\t\t\t\n\t\t\t\t\t<div class=\"jeg_block_container\">\n                    \n                    <div class=\"jeg_posts_wrap\"><div class=\"jeg_posts jeg_load_more_flag\"><article class=\"jeg_post jeg_pl_md_card format-standard\">\n                    <div class=\"jeg_inner_post\">\n                        <div class=\"jeg_thumb\">\n                            \n                            <a href=\"https:\/\/www.dknyheder.dk\/da-dk\/erhverv\/ivaerksaettere-kan-nu-markedsfoere-deres-varer-og-tjenester-hurtigere\/2479\/\" aria-label=\"Read article: Iv\u00e6rks\u00e6ttere kan nu markedsf\u00f8re deres varer og tjenester hurtigere\"><div class=\"thumbnail-container animate-lazy  size-715 \"><img loading=\"lazy\" decoding=\"async\" width=\"350\" height=\"250\" src=\"https:\/\/www.dknyheder.dk\/da-dk\/wp-content\/themes\/jnews\/assets\/img\/jeg-empty.png\" class=\"attachment-jnews-350x250 size-jnews-350x250 lazyload wp-post-image\" alt=\"Iv\u00e6rks\u00e6ttere kan nu markedsf\u00f8re deres varer og tjenester hurtigere\" sizes=\"auto, (max-width: 350px) 100vw, 350px\" data-src=\"https:\/\/www.dknyheder.dk\/da-dk\/wp-content\/uploads\/2025\/12\/ivaerksaetter-350x250.jpg\" data-srcset=\"https:\/\/www.dknyheder.dk\/da-dk\/wp-content\/uploads\/2025\/12\/ivaerksaetter-350x250.jpg 350w, https:\/\/www.dknyheder.dk\/da-dk\/wp-content\/uploads\/2025\/12\/ivaerksaetter-120x86.jpg 120w, https:\/\/www.dknyheder.dk\/da-dk\/wp-content\/uploads\/2025\/12\/ivaerksaetter-750x536.jpg 750w\" data-sizes=\"auto\" data-expand=\"700\" \/><\/div><\/a>\n                        <\/div>\n                        <div class=\"jeg_postblock_content\">\n                            <div class=\"jeg_post_category\">\n                                <span>\n                                    <a href=\"https:\/\/www.dknyheder.dk\/da-dk\/erhverv\/\">Erhverv<\/a>\n                                <\/span>\n                            <\/div>\n                            <h3 class=\"jeg_post_title\">\n                                <a href=\"https:\/\/www.dknyheder.dk\/da-dk\/erhverv\/ivaerksaettere-kan-nu-markedsfoere-deres-varer-og-tjenester-hurtigere\/2479\/\">Iv\u00e6rks\u00e6ttere kan nu markedsf\u00f8re deres varer og tjenester hurtigere<\/a>\n                            <\/h3>\n                            \n                        <\/div>\n                    <\/div>\n                <\/article><article class=\"jeg_post jeg_pl_md_card format-standard\">\n                    <div class=\"jeg_inner_post\">\n                        <div class=\"jeg_thumb\">\n                            \n                            <a href=\"https:\/\/www.dknyheder.dk\/da-dk\/sundhed\/slidgigtpatienter-faar-hurtigere-behandling\/2473\/\" aria-label=\"Read article: Slidgigtpatienter f\u00e5r hurtigere behandling\"><div class=\"thumbnail-container animate-lazy  size-715 \"><img loading=\"lazy\" decoding=\"async\" width=\"350\" height=\"250\" src=\"https:\/\/www.dknyheder.dk\/da-dk\/wp-content\/themes\/jnews\/assets\/img\/jeg-empty.png\" class=\"attachment-jnews-350x250 size-jnews-350x250 lazyload wp-post-image\" alt=\"Slidgigtpatienter f\u00e5r hurtigere behandling\" sizes=\"auto, (max-width: 350px) 100vw, 350px\" data-src=\"https:\/\/www.dknyheder.dk\/da-dk\/wp-content\/uploads\/2025\/12\/operation-350x250.jpg\" data-srcset=\"https:\/\/www.dknyheder.dk\/da-dk\/wp-content\/uploads\/2025\/12\/operation-350x250.jpg 350w, https:\/\/www.dknyheder.dk\/da-dk\/wp-content\/uploads\/2025\/12\/operation-120x86.jpg 120w, https:\/\/www.dknyheder.dk\/da-dk\/wp-content\/uploads\/2025\/12\/operation-750x536.jpg 750w\" data-sizes=\"auto\" data-expand=\"700\" \/><\/div><\/a>\n                        <\/div>\n                        <div class=\"jeg_postblock_content\">\n                            <div class=\"jeg_post_category\">\n                                <span>\n                                    <a href=\"https:\/\/www.dknyheder.dk\/da-dk\/sundhed\/\">Sundhed<\/a>\n                                <\/span>\n                            <\/div>\n                            <h3 class=\"jeg_post_title\">\n                                <a href=\"https:\/\/www.dknyheder.dk\/da-dk\/sundhed\/slidgigtpatienter-faar-hurtigere-behandling\/2473\/\">Slidgigtpatienter f\u00e5r hurtigere behandling<\/a>\n                            <\/h3>\n                            \n                        <\/div>\n                    <\/div>\n                <\/article><article class=\"jeg_post jeg_pl_md_card format-standard\">\n                    <div class=\"jeg_inner_post\">\n                        <div class=\"jeg_thumb\">\n                            \n                            <a href=\"https:\/\/www.dknyheder.dk\/da-dk\/erhverv\/minksagen-retten-vil-traeffe-afgoerelse-i-midten-af-december\/2463\/\" aria-label=\"Read article: Minksagen: Retten vil tr\u00e6ffe afg\u00f8relse i midten af december\"><div class=\"thumbnail-container animate-lazy  size-715 \"><img loading=\"lazy\" decoding=\"async\" width=\"350\" height=\"250\" src=\"https:\/\/www.dknyheder.dk\/da-dk\/wp-content\/themes\/jnews\/assets\/img\/jeg-empty.png\" class=\"attachment-jnews-350x250 size-jnews-350x250 lazyload wp-post-image\" alt=\"Minksagen: Retten vil tr\u00e6ffe afg\u00f8relse i midten af december\" sizes=\"auto, (max-width: 350px) 100vw, 350px\" data-src=\"https:\/\/www.dknyheder.dk\/da-dk\/wp-content\/uploads\/2025\/12\/minkgaard-baeredygtigt-landbrug-350x250.jpg\" data-srcset=\"https:\/\/www.dknyheder.dk\/da-dk\/wp-content\/uploads\/2025\/12\/minkgaard-baeredygtigt-landbrug-350x250.jpg 350w, https:\/\/www.dknyheder.dk\/da-dk\/wp-content\/uploads\/2025\/12\/minkgaard-baeredygtigt-landbrug-120x86.jpg 120w, https:\/\/www.dknyheder.dk\/da-dk\/wp-content\/uploads\/2025\/12\/minkgaard-baeredygtigt-landbrug-750x536.jpg 750w\" data-sizes=\"auto\" data-expand=\"700\" \/><\/div><\/a>\n                        <\/div>\n                        <div class=\"jeg_postblock_content\">\n                            <div class=\"jeg_post_category\">\n                                <span>\n                                    <a href=\"https:\/\/www.dknyheder.dk\/da-dk\/erhverv\/\">Erhverv<\/a>\n                                <\/span>\n                            <\/div>\n                            <h3 class=\"jeg_post_title\">\n                                <a href=\"https:\/\/www.dknyheder.dk\/da-dk\/erhverv\/minksagen-retten-vil-traeffe-afgoerelse-i-midten-af-december\/2463\/\">Minksagen: Retten vil tr\u00e6ffe afg\u00f8relse i midten af december<\/a>\n                            <\/h3>\n                            \n                        <\/div>\n                    <\/div>\n                <\/article><article class=\"jeg_post jeg_pl_md_card format-standard\">\n                    <div class=\"jeg_inner_post\">\n                        <div class=\"jeg_thumb\">\n                            \n                            <a href=\"https:\/\/www.dknyheder.dk\/da-dk\/erhverv\/omsaetningen-falder-i-hver-femte-danske-familievirksomhed\/2457\/\" aria-label=\"Read article: Oms\u00e6tningen falder i hver femte danske familievirksomhed\"><div class=\"thumbnail-container animate-lazy  size-715 \"><img loading=\"lazy\" decoding=\"async\" width=\"350\" height=\"250\" src=\"https:\/\/www.dknyheder.dk\/da-dk\/wp-content\/themes\/jnews\/assets\/img\/jeg-empty.png\" class=\"attachment-jnews-350x250 size-jnews-350x250 lazyload wp-post-image\" alt=\"Oms\u00e6tningen falder i hver femte danske familievirksomhed\" sizes=\"auto, (max-width: 350px) 100vw, 350px\" data-src=\"https:\/\/www.dknyheder.dk\/da-dk\/wp-content\/uploads\/2025\/12\/erhvervsmand-virksomhed-350x250.jpg\" data-srcset=\"https:\/\/www.dknyheder.dk\/da-dk\/wp-content\/uploads\/2025\/12\/erhvervsmand-virksomhed-350x250.jpg 350w, https:\/\/www.dknyheder.dk\/da-dk\/wp-content\/uploads\/2025\/12\/erhvervsmand-virksomhed-120x86.jpg 120w, https:\/\/www.dknyheder.dk\/da-dk\/wp-content\/uploads\/2025\/12\/erhvervsmand-virksomhed-750x536.jpg 750w\" data-sizes=\"auto\" data-expand=\"700\" \/><\/div><\/a>\n                        <\/div>\n                        <div class=\"jeg_postblock_content\">\n                            <div class=\"jeg_post_category\">\n                                <span>\n                                    <a href=\"https:\/\/www.dknyheder.dk\/da-dk\/erhverv\/\">Erhverv<\/a>\n                                <\/span>\n                            <\/div>\n                            <h3 class=\"jeg_post_title\">\n                                <a href=\"https:\/\/www.dknyheder.dk\/da-dk\/erhverv\/omsaetningen-falder-i-hver-femte-danske-familievirksomhed\/2457\/\">Oms\u00e6tningen falder i hver femte danske familievirksomhed<\/a>\n                            <\/h3>\n                            \n                        <\/div>\n                    <\/div>\n                <\/article><article class=\"jeg_post jeg_pl_md_card format-standard\">\n                    <div class=\"jeg_inner_post\">\n                        <div class=\"jeg_thumb\">\n                            \n                            <a href=\"https:\/\/www.dknyheder.dk\/da-dk\/danmark\/julehjaelp-betydelig-stigning-af-noed-blandt-familier-med-sclerose\/2444\/\" aria-label=\"Read article: Julehj\u00e6lp: Betydelig stigning af n\u00f8d blandt familier med sclerose\"><div class=\"thumbnail-container animate-lazy  size-715 \"><img loading=\"lazy\" decoding=\"async\" width=\"350\" height=\"250\" src=\"https:\/\/www.dknyheder.dk\/da-dk\/wp-content\/themes\/jnews\/assets\/img\/jeg-empty.png\" class=\"attachment-jnews-350x250 size-jnews-350x250 lazyload wp-post-image\" alt=\"Julehj\u00e6lp: Betydelig stigning af n\u00f8d blandt familier med sclerose\" sizes=\"auto, (max-width: 350px) 100vw, 350px\" data-src=\"https:\/\/www.dknyheder.dk\/da-dk\/wp-content\/uploads\/2025\/12\/julehjaelp-350x250.jpg\" data-srcset=\"https:\/\/www.dknyheder.dk\/da-dk\/wp-content\/uploads\/2025\/12\/julehjaelp-350x250.jpg 350w, https:\/\/www.dknyheder.dk\/da-dk\/wp-content\/uploads\/2025\/12\/julehjaelp-120x86.jpg 120w, https:\/\/www.dknyheder.dk\/da-dk\/wp-content\/uploads\/2025\/12\/julehjaelp-750x536.jpg 750w\" data-sizes=\"auto\" data-expand=\"700\" \/><\/div><\/a>\n                        <\/div>\n                        <div class=\"jeg_postblock_content\">\n                            <div class=\"jeg_post_category\">\n                                <span>\n                                    <a href=\"https:\/\/www.dknyheder.dk\/da-dk\/danmark\/\">Danmark<\/a>\n                                <\/span>\n                            <\/div>\n                            <h3 class=\"jeg_post_title\">\n                                <a href=\"https:\/\/www.dknyheder.dk\/da-dk\/danmark\/julehjaelp-betydelig-stigning-af-noed-blandt-familier-med-sclerose\/2444\/\">Julehj\u00e6lp: Betydelig stigning af n\u00f8d blandt familier med sclerose<\/a>\n                            <\/h3>\n                            \n                        <\/div>\n                    <\/div>\n                <\/article><article class=\"jeg_post jeg_pl_md_card format-standard\">\n                    <div class=\"jeg_inner_post\">\n                        <div class=\"jeg_thumb\">\n                            \n                            <a href=\"https:\/\/www.dknyheder.dk\/da-dk\/lokalt\/vejle\/nyt-initiativ-skal-hjaelpe-flere-boern-der-vokser-op-i-hjem-med-alkoholmisbrug\/2434\/\" aria-label=\"Read article: Nyt initiativ skal hj\u00e6lpe flere b\u00f8rn der vokser op i hjem med alkoholmisbrug\"><div class=\"thumbnail-container animate-lazy  size-715 \"><img loading=\"lazy\" decoding=\"async\" width=\"350\" height=\"250\" src=\"https:\/\/www.dknyheder.dk\/da-dk\/wp-content\/themes\/jnews\/assets\/img\/jeg-empty.png\" class=\"attachment-jnews-350x250 size-jnews-350x250 lazyload wp-post-image\" alt=\"Nyt initiativ skal hj\u00e6lpe flere b\u00f8rn der vokser op i hjem med alkoholmisbrug\" sizes=\"auto, (max-width: 350px) 100vw, 350px\" data-src=\"https:\/\/www.dknyheder.dk\/da-dk\/wp-content\/uploads\/2025\/12\/barnets-blaa-hus-i-vejle-350x250.jpg\" data-srcset=\"https:\/\/www.dknyheder.dk\/da-dk\/wp-content\/uploads\/2025\/12\/barnets-blaa-hus-i-vejle-350x250.jpg 350w, https:\/\/www.dknyheder.dk\/da-dk\/wp-content\/uploads\/2025\/12\/barnets-blaa-hus-i-vejle-120x86.jpg 120w, https:\/\/www.dknyheder.dk\/da-dk\/wp-content\/uploads\/2025\/12\/barnets-blaa-hus-i-vejle-750x536.jpg 750w\" data-sizes=\"auto\" data-expand=\"700\" \/><\/div><\/a>\n                        <\/div>\n                        <div class=\"jeg_postblock_content\">\n                            <div class=\"jeg_post_category\">\n                                <span>\n                                    <a href=\"https:\/\/www.dknyheder.dk\/da-dk\/lokalt\/vejle\/\">Vejle<\/a>\n                                <\/span>\n                            <\/div>\n                            <h3 class=\"jeg_post_title\">\n                                <a href=\"https:\/\/www.dknyheder.dk\/da-dk\/lokalt\/vejle\/nyt-initiativ-skal-hjaelpe-flere-boern-der-vokser-op-i-hjem-med-alkoholmisbrug\/2434\/\">Nyt initiativ skal hj\u00e6lpe flere b\u00f8rn der vokser op i hjem med alkoholmisbrug<\/a>\n                            <\/h3>\n                            \n                        <\/div>\n                    <\/div>\n                <\/article><\/div><\/div>\n                    <div class='module-overlay'>\n\t\t\t\t    <div class='preloader_type preloader_dot'>\n\t\t\t\t        <div class=\"module-preloader jeg_preloader dot\">\n\t\t\t\t            <span><\/span><span><\/span><span><\/span>\n\t\t\t\t        <\/div>\n\t\t\t\t        <div class=\"module-preloader jeg_preloader circle\">\n\t\t\t\t            <div class=\"jnews_preloader_circle_outer\">\n\t\t\t\t                <div class=\"jnews_preloader_circle_inner\"><\/div>\n\t\t\t\t            <\/div>\n\t\t\t\t        <\/div>\n\t\t\t\t        <div class=\"module-preloader jeg_preloader square\">\n\t\t\t\t            <div class=\"jeg_square\">\n\t\t\t\t                <div class=\"jeg_square_inner\"><\/div>\n\t\t\t\t            <\/div>\n\t\t\t\t        <\/div>\n\t\t\t\t    <\/div>\n\t\t\t\t<\/div>\n                <\/div>\n                <div class=\"jeg_block_navigation\">\n                    <div class='navigation_overlay'><div class='module-preloader jeg_preloader'><span><\/span><span><\/span><span><\/span><\/div><\/div>\n                    \n                    \n                <\/div>\n\t\t\t\t\t\n\t\t\t\t\t<script>var jnews_module__1_69ef12fb9f553 = {\"header_icon\":\"\",\"first_title\":\"\",\"second_title\":\"\",\"url\":\"\",\"header_type\":\"heading_6\",\"header_background\":\"\",\"header_secondary_background\":\"\",\"header_text_color\":\"\",\"header_line_color\":\"\",\"header_accent_color\":\"\",\"header_filter_category\":\"\",\"header_filter_author\":\"\",\"header_filter_tag\":\"\",\"header_filter_text\":\"All\",\"sticky_post\":\"\",\"sticky_post_filter\":false,\"post_type\":\"post\",\"content_type\":\"all\",\"sponsor\":\"\",\"number_post\":\"6\",\"post_offset\":\"0\",\"unique_content\":\"unique1\",\"include_post\":\"\",\"included_only\":\"\",\"exclude_post\":\"2482\",\"include_category\":\"\",\"exclude_category\":\"\",\"include_author\":\"\",\"include_tag\":\"\",\"exclude_tag\":\"\",\"exclude_visited_post\":false,\"sort_by\":\"latest\",\"date_format\":\"default\",\"date_format_custom\":\"Y\\\/m\\\/d\",\"force_normal_image_load\":\"\",\"main_custom_image_size\":\"default\",\"pagination_mode\":\"disable\",\"pagination_nextprev_showtext\":\"\",\"pagination_number_post\":4,\"pagination_scroll_limit\":0,\"el_id\":\"\",\"el_class\":\"\",\"scheme\":\"\",\"column_width\":\"auto\",\"title_color\":\"\",\"accent_color\":\"\",\"alt_color\":\"\",\"excerpt_color\":\"\",\"block_background\":\"\",\"css\":\"\",\"compatible_column_notice\":\"\",\"paged\":1,\"column_class\":\"jeg_col_3o3\",\"class\":\"jnews_block_11\"};<\/script>\n\t\t\t\t<\/div>[vc_raw_html css=&#8221;&#8221;]JTNDY2VudGVyJTNFJTBBJTBBJTNDYSUyMGhyZWYlM0QlMjJodHRwcyUzQSUyRiUyRmlvbi5kdXN0aW5ob21lLmRrJTJGdCUyRnQlM0ZhJTNEMTgwMDg4MjEyOSUyNmFzJTNEMTg3NzE1ODAyNCUyNnQlM0QyJTI2dGslM0QxJTIyJTIwdGFyZ2V0JTNEJTIyX2JsYW5rJTIyJTIwJTNFJTNDaW1nJTIwc3JjJTNEJTIyaHR0cHMlM0ElMkYlMkZ0cmFjay5hZHRyYWN0aW9uLmNvbSUyRnQlMkZ0JTNGYSUzRDE4MDA4ODIxMjklMjZhcyUzRDE4NzcxNTgwMjQlMjZ0JTNEMSUyNnRrJTNEMSUyNmklM0QxJTIyJTIwd2lkdGglM0QlMjIzMDAlMjIlMjBoZWlnaHQlM0QlMjIyNTAlMjIlMjBib3JkZXIlM0QlMjIwJTIyJTNFJTNDJTJGYSUzRSUwQSUwQSUzQyUyRmNlbnRlciUzRQ==[\/vc_raw_html][\/vc_column][\/vc_row][vc_row][vc_column width=&#8221;2\/3&#8243;]<div  class=\"jeg_postblock_5 jeg_postblock jeg_module_hook jeg_pagination_disable jeg_col_3o3 jnews_module__2_69ef12fba1522   \" data-unique=\"jnews_module__2_69ef12fba1522\">\n\t\t\t\t\t\n\t\t\t\t\t<div class=\"jeg_block_container\">\n                    \n                    <div class=\"jeg_posts jeg_load_more_flag\"><article class=\"jeg_post jeg_pl_lg_2 format-standard\">\n                    <div class=\"jeg_thumb\">\n                        \n                        <a href=\"https:\/\/www.dknyheder.dk\/da-dk\/danmark\/hver-tredje-dansker-er-klar-over-hvor-de-kan-erhverve-sig-illegale-varer\/2426\/\" aria-label=\"Read article: Hver tredje dansker er klar over, hvor de kan erhverve sig illegale varer\"><div class=\"thumbnail-container animate-lazy  size-715 \"><img loading=\"lazy\" decoding=\"async\" width=\"350\" height=\"250\" src=\"https:\/\/www.dknyheder.dk\/da-dk\/wp-content\/themes\/jnews\/assets\/img\/jeg-empty.png\" class=\"attachment-jnews-350x250 size-jnews-350x250 lazyload wp-post-image\" alt=\"Hver tredje dansker er klar over, hvor de kan erhverve sig illegale varer\" sizes=\"auto, (max-width: 350px) 100vw, 350px\" data-src=\"https:\/\/www.dknyheder.dk\/da-dk\/wp-content\/uploads\/2025\/12\/illegale-varer-haelervarer-tyveri-350x250.jpg\" data-srcset=\"https:\/\/www.dknyheder.dk\/da-dk\/wp-content\/uploads\/2025\/12\/illegale-varer-haelervarer-tyveri-350x250.jpg 350w, https:\/\/www.dknyheder.dk\/da-dk\/wp-content\/uploads\/2025\/12\/illegale-varer-haelervarer-tyveri-120x86.jpg 120w, https:\/\/www.dknyheder.dk\/da-dk\/wp-content\/uploads\/2025\/12\/illegale-varer-haelervarer-tyveri-750x536.jpg 750w\" data-sizes=\"auto\" data-expand=\"700\" \/><\/div><\/a>\n                        <div class=\"jeg_post_category\">\n                            <span><a href=\"https:\/\/www.dknyheder.dk\/da-dk\/danmark\/\" class=\"category-danmark\">Danmark<\/a><\/span>\n                        <\/div>\n                    <\/div>\n                    <div class=\"jeg_postblock_content\">\n                        <h3 class=\"jeg_post_title\">\n                            <a href=\"https:\/\/www.dknyheder.dk\/da-dk\/danmark\/hver-tredje-dansker-er-klar-over-hvor-de-kan-erhverve-sig-illegale-varer\/2426\/\">Hver tredje dansker er klar over, hvor de kan erhverve sig illegale varer<\/a>\n                        <\/h3>\n                        \n                        <div class=\"jeg_post_excerpt\">\n                            <p>En ny analyse fra De Samvirkende K\u00f8bm\u00e6nd (DSK) belyser et omfattende illegalt marked for dagligvarer i Danmark, som udg\u00f8r en...<\/p>\n                            <a href=\"https:\/\/www.dknyheder.dk\/da-dk\/danmark\/hver-tredje-dansker-er-klar-over-hvor-de-kan-erhverve-sig-illegale-varer\/2426\/\" class=\"jeg_readmore\">Read more<span class=\"screen-reader-text\">Details<\/span><\/a>\n                        <\/div>\n                    <\/div>\n                <\/article><article class=\"jeg_post jeg_pl_lg_2 format-standard\">\n                    <div class=\"jeg_thumb\">\n                        \n                        <a href=\"https:\/\/www.dknyheder.dk\/da-dk\/bolig\/den-tidligere-boligminister-kan-opnaa-5-millioner-gevinst-ved-salg-af-sin-private-bolig\/2415\/\" aria-label=\"Read article: Den tidligere boligminister kan opn\u00e5 5 millioner gevinst ved salg af sin private bolig\"><div class=\"thumbnail-container animate-lazy  size-715 \"><img loading=\"lazy\" decoding=\"async\" width=\"350\" height=\"250\" src=\"https:\/\/www.dknyheder.dk\/da-dk\/wp-content\/themes\/jnews\/assets\/img\/jeg-empty.png\" class=\"attachment-jnews-350x250 size-jnews-350x250 lazyload wp-post-image\" alt=\"Den tidligere boligminister kan opn\u00e5 5 millioner gevinst ved salg af sin private bolig\" sizes=\"auto, (max-width: 350px) 100vw, 350px\" data-src=\"https:\/\/www.dknyheder.dk\/da-dk\/wp-content\/uploads\/2025\/12\/christian-rabjerg-madsen-private-bolig-til-salg-350x250.jpg\" data-srcset=\"https:\/\/www.dknyheder.dk\/da-dk\/wp-content\/uploads\/2025\/12\/christian-rabjerg-madsen-private-bolig-til-salg-350x250.jpg 350w, https:\/\/www.dknyheder.dk\/da-dk\/wp-content\/uploads\/2025\/12\/christian-rabjerg-madsen-private-bolig-til-salg-120x86.jpg 120w, https:\/\/www.dknyheder.dk\/da-dk\/wp-content\/uploads\/2025\/12\/christian-rabjerg-madsen-private-bolig-til-salg-750x536.jpg 750w\" data-sizes=\"auto\" data-expand=\"700\" \/><\/div><\/a>\n                        <div class=\"jeg_post_category\">\n                            <span><a href=\"https:\/\/www.dknyheder.dk\/da-dk\/bolig\/\" class=\"category-bolig\">Bolig<\/a><\/span>\n                        <\/div>\n                    <\/div>\n                    <div class=\"jeg_postblock_content\">\n                        <h3 class=\"jeg_post_title\">\n                            <a href=\"https:\/\/www.dknyheder.dk\/da-dk\/bolig\/den-tidligere-boligminister-kan-opnaa-5-millioner-gevinst-ved-salg-af-sin-private-bolig\/2415\/\">Den tidligere boligminister kan opn\u00e5 5 millioner gevinst ved salg af sin private bolig<\/a>\n                        <\/h3>\n                        \n                        <div class=\"jeg_post_excerpt\">\n                            <p>Er det et tegn p\u00e5 et ureguleret marked, som han selv har v\u00e6ret med til at skabe?<\/p>\n                            <a href=\"https:\/\/www.dknyheder.dk\/da-dk\/bolig\/den-tidligere-boligminister-kan-opnaa-5-millioner-gevinst-ved-salg-af-sin-private-bolig\/2415\/\" class=\"jeg_readmore\">Read more<span class=\"screen-reader-text\">Details<\/span><\/a>\n                        <\/div>\n                    <\/div>\n                <\/article><article class=\"jeg_post jeg_pl_lg_2 format-standard\">\n                    <div class=\"jeg_thumb\">\n                        \n                        <a href=\"https:\/\/www.dknyheder.dk\/da-dk\/danmark\/royal-unibrew-tilbagekalder-lays-bugles\/2391\/\" aria-label=\"Read article: Royal Unibrew tilbagekalder Lay&#8217;s Bugles\"><div class=\"thumbnail-container animate-lazy  size-715 \"><img loading=\"lazy\" decoding=\"async\" width=\"350\" height=\"250\" src=\"https:\/\/www.dknyheder.dk\/da-dk\/wp-content\/themes\/jnews\/assets\/img\/jeg-empty.png\" class=\"attachment-jnews-350x250 size-jnews-350x250 lazyload wp-post-image\" alt=\"Royal Unibrew tilbagekalder Lay&#8217;s Bugles\" sizes=\"auto, (max-width: 350px) 100vw, 350px\" data-src=\"https:\/\/www.dknyheder.dk\/da-dk\/wp-content\/uploads\/2025\/06\/lays-bugles-original-lays-bugles-nacho-cheese-tilbagekaldes-350x250.jpg\" data-srcset=\"https:\/\/www.dknyheder.dk\/da-dk\/wp-content\/uploads\/2025\/06\/lays-bugles-original-lays-bugles-nacho-cheese-tilbagekaldes-350x250.jpg 350w, https:\/\/www.dknyheder.dk\/da-dk\/wp-content\/uploads\/2025\/06\/lays-bugles-original-lays-bugles-nacho-cheese-tilbagekaldes-120x86.jpg 120w, https:\/\/www.dknyheder.dk\/da-dk\/wp-content\/uploads\/2025\/06\/lays-bugles-original-lays-bugles-nacho-cheese-tilbagekaldes-750x536.jpg 750w\" data-sizes=\"auto\" data-expand=\"700\" \/><\/div><\/a>\n                        <div class=\"jeg_post_category\">\n                            <span><a href=\"https:\/\/www.dknyheder.dk\/da-dk\/danmark\/\" class=\"category-danmark\">Danmark<\/a><\/span>\n                        <\/div>\n                    <\/div>\n                    <div class=\"jeg_postblock_content\">\n                        <h3 class=\"jeg_post_title\">\n                            <a href=\"https:\/\/www.dknyheder.dk\/da-dk\/danmark\/royal-unibrew-tilbagekalder-lays-bugles\/2391\/\">Royal Unibrew tilbagekalder Lay&#8217;s Bugles<\/a>\n                        <\/h3>\n                        \n                        <div class=\"jeg_post_excerpt\">\n                            <p>Royal Unibrew tilbagekalder p\u00e5 vegne af PepsiCo Nederlands BV, Lay's Bugles Original og Lay's Bugles Nacho Cheese med bedst f\u00f8r...<\/p>\n                            <a href=\"https:\/\/www.dknyheder.dk\/da-dk\/danmark\/royal-unibrew-tilbagekalder-lays-bugles\/2391\/\" class=\"jeg_readmore\">Read more<span class=\"screen-reader-text\">Details<\/span><\/a>\n                        <\/div>\n                    <\/div>\n                <\/article><article class=\"jeg_post jeg_pl_lg_2 format-standard\">\n                    <div class=\"jeg_thumb\">\n                        \n                        <a href=\"https:\/\/www.dknyheder.dk\/da-dk\/danmark\/motorcykelulykker-for-hoej-fart-er-en-af-de-hyppigste-aarsager\/2347\/\" aria-label=\"Read article: Motorcykelulykker: For h\u00f8j fart er en af de hyppigste \u00e5rsager\"><div class=\"thumbnail-container animate-lazy  size-715 \"><img loading=\"lazy\" decoding=\"async\" width=\"350\" height=\"250\" src=\"https:\/\/www.dknyheder.dk\/da-dk\/wp-content\/themes\/jnews\/assets\/img\/jeg-empty.png\" class=\"attachment-jnews-350x250 size-jnews-350x250 lazyload wp-post-image\" alt=\"Motorcykelulykker: For h\u00f8j fart er en af de hyppigste \u00e5rsager\" sizes=\"auto, (max-width: 350px) 100vw, 350px\" data-src=\"https:\/\/www.dknyheder.dk\/da-dk\/wp-content\/uploads\/2025\/04\/motorcykel_03-350x250.jpg\" data-srcset=\"https:\/\/www.dknyheder.dk\/da-dk\/wp-content\/uploads\/2025\/04\/motorcykel_03-350x250.jpg 350w, https:\/\/www.dknyheder.dk\/da-dk\/wp-content\/uploads\/2025\/04\/motorcykel_03-120x86.jpg 120w, https:\/\/www.dknyheder.dk\/da-dk\/wp-content\/uploads\/2025\/04\/motorcykel_03-750x536.jpg 750w\" data-sizes=\"auto\" data-expand=\"700\" \/><\/div><\/a>\n                        <div class=\"jeg_post_category\">\n                            <span><a href=\"https:\/\/www.dknyheder.dk\/da-dk\/danmark\/\" class=\"category-danmark\">Danmark<\/a><\/span>\n                        <\/div>\n                    <\/div>\n                    <div class=\"jeg_postblock_content\">\n                        <h3 class=\"jeg_post_title\">\n                            <a href=\"https:\/\/www.dknyheder.dk\/da-dk\/danmark\/motorcykelulykker-for-hoej-fart-er-en-af-de-hyppigste-aarsager\/2347\/\">Motorcykelulykker: For h\u00f8j fart er en af de hyppigste \u00e5rsager<\/a>\n                        <\/h3>\n                        \n                        <div class=\"jeg_post_excerpt\">\n                            <p>Kollisions- og solouheld er den hyppigste \u00e5rsag til alvorlige motorcykelulykker. 72 % af alle motorcykelulykker sker i for\u00e5rs- og sommerm\u00e5nederne.<\/p>\n                            <a href=\"https:\/\/www.dknyheder.dk\/da-dk\/danmark\/motorcykelulykker-for-hoej-fart-er-en-af-de-hyppigste-aarsager\/2347\/\" class=\"jeg_readmore\">Read more<span class=\"screen-reader-text\">Details<\/span><\/a>\n                        <\/div>\n                    <\/div>\n                <\/article><article class=\"jeg_post jeg_pl_lg_2 format-standard\">\n                    <div class=\"jeg_thumb\">\n                        \n                        <a href=\"https:\/\/www.dknyheder.dk\/da-dk\/internationalt\/laeger-uden-graenser-gaza-er-blevet-en-massegrav\/2340\/\" aria-label=\"Read article: L\u00e6ger uden Gr\u00e6nser: Gaza er blevet en massegrav\"><div class=\"thumbnail-container animate-lazy  size-715 \"><img loading=\"lazy\" decoding=\"async\" width=\"350\" height=\"250\" src=\"https:\/\/www.dknyheder.dk\/da-dk\/wp-content\/themes\/jnews\/assets\/img\/jeg-empty.png\" class=\"attachment-jnews-350x250 size-jnews-350x250 lazyload wp-post-image\" alt=\"L\u00e6ger uden Gr\u00e6nser: Gaza er blevet en massegrav\" sizes=\"auto, (max-width: 350px) 100vw, 350px\" data-src=\"https:\/\/www.dknyheder.dk\/da-dk\/wp-content\/uploads\/2025\/04\/doctors-without-borders-gaza_01-350x250.jpg\" data-srcset=\"https:\/\/www.dknyheder.dk\/da-dk\/wp-content\/uploads\/2025\/04\/doctors-without-borders-gaza_01-350x250.jpg 350w, https:\/\/www.dknyheder.dk\/da-dk\/wp-content\/uploads\/2025\/04\/doctors-without-borders-gaza_01-120x86.jpg 120w, https:\/\/www.dknyheder.dk\/da-dk\/wp-content\/uploads\/2025\/04\/doctors-without-borders-gaza_01-750x536.jpg 750w\" data-sizes=\"auto\" data-expand=\"700\" \/><\/div><\/a>\n                        <div class=\"jeg_post_category\">\n                            <span><a href=\"https:\/\/www.dknyheder.dk\/da-dk\/internationalt\/\" class=\"category-internationalt\">Internationalt<\/a><\/span>\n                        <\/div>\n                    <\/div>\n                    <div class=\"jeg_postblock_content\">\n                        <h3 class=\"jeg_post_title\">\n                            <a href=\"https:\/\/www.dknyheder.dk\/da-dk\/internationalt\/laeger-uden-graenser-gaza-er-blevet-en-massegrav\/2340\/\">L\u00e6ger uden Gr\u00e6nser: Gaza er blevet en massegrav<\/a>\n                        <\/h3>\n                        \n                        <div class=\"jeg_post_excerpt\">\n                            <p>En r\u00e6kke d\u00f8delige angreb viser igen en total mangel p\u00e5 respekt for menneskeliv og for humanit\u00e6re og medicinske medarbejdere i...<\/p>\n                            <a href=\"https:\/\/www.dknyheder.dk\/da-dk\/internationalt\/laeger-uden-graenser-gaza-er-blevet-en-massegrav\/2340\/\" class=\"jeg_readmore\">Read more<span class=\"screen-reader-text\">Details<\/span><\/a>\n                        <\/div>\n                    <\/div>\n                <\/article><article class=\"jeg_post jeg_pl_lg_2 format-standard\">\n                    <div class=\"jeg_thumb\">\n                        \n                        <a href=\"https:\/\/www.dknyheder.dk\/da-dk\/danmark\/brug-af-cykelhjelm-er-lavere-i-region-hovedstaden-og-paa-sjaelland\/2324\/\" aria-label=\"Read article: Brug af cykelhjelm er lavere i Region Hovedstaden og p\u00e5 Sj\u00e6lland\"><div class=\"thumbnail-container animate-lazy  size-715 \"><img loading=\"lazy\" decoding=\"async\" width=\"350\" height=\"250\" src=\"https:\/\/www.dknyheder.dk\/da-dk\/wp-content\/themes\/jnews\/assets\/img\/jeg-empty.png\" class=\"attachment-jnews-350x250 size-jnews-350x250 lazyload wp-post-image\" alt=\"Brug af cykelhjelm er lavere i Region Hovedstaden og p\u00e5 Sj\u00e6lland\" sizes=\"auto, (max-width: 350px) 100vw, 350px\" data-src=\"https:\/\/www.dknyheder.dk\/da-dk\/wp-content\/uploads\/2025\/04\/plakat-busskur-cykelhjelm-ben-radet-for-sikker-trafik_01-350x250.jpg\" data-srcset=\"https:\/\/www.dknyheder.dk\/da-dk\/wp-content\/uploads\/2025\/04\/plakat-busskur-cykelhjelm-ben-radet-for-sikker-trafik_01-350x250.jpg 350w, https:\/\/www.dknyheder.dk\/da-dk\/wp-content\/uploads\/2025\/04\/plakat-busskur-cykelhjelm-ben-radet-for-sikker-trafik_01-120x86.jpg 120w, https:\/\/www.dknyheder.dk\/da-dk\/wp-content\/uploads\/2025\/04\/plakat-busskur-cykelhjelm-ben-radet-for-sikker-trafik_01-750x536.jpg 750w\" data-sizes=\"auto\" data-expand=\"700\" \/><\/div><\/a>\n                        <div class=\"jeg_post_category\">\n                            <span><a href=\"https:\/\/www.dknyheder.dk\/da-dk\/danmark\/\" class=\"category-danmark\">Danmark<\/a><\/span>\n                        <\/div>\n                    <\/div>\n                    <div class=\"jeg_postblock_content\">\n                        <h3 class=\"jeg_post_title\">\n                            <a href=\"https:\/\/www.dknyheder.dk\/da-dk\/danmark\/brug-af-cykelhjelm-er-lavere-i-region-hovedstaden-og-paa-sjaelland\/2324\/\">Brug af cykelhjelm er lavere i Region Hovedstaden og p\u00e5 Sj\u00e6lland<\/a>\n                        <\/h3>\n                        \n                        <div class=\"jeg_post_excerpt\">\n                            <p>Cyklisters brug af cykelhjelm er lavere i region Hovedstaden og p\u00e5 Sj\u00e6lland end i resten af landet. Det viser en...<\/p>\n                            <a href=\"https:\/\/www.dknyheder.dk\/da-dk\/danmark\/brug-af-cykelhjelm-er-lavere-i-region-hovedstaden-og-paa-sjaelland\/2324\/\" class=\"jeg_readmore\">Read more<span class=\"screen-reader-text\">Details<\/span><\/a>\n                        <\/div>\n                    <\/div>\n                <\/article><\/div>\n                    <div class='module-overlay'>\n\t\t\t\t    <div class='preloader_type preloader_dot'>\n\t\t\t\t        <div class=\"module-preloader jeg_preloader dot\">\n\t\t\t\t            <span><\/span><span><\/span><span><\/span>\n\t\t\t\t        <\/div>\n\t\t\t\t        <div class=\"module-preloader jeg_preloader circle\">\n\t\t\t\t            <div class=\"jnews_preloader_circle_outer\">\n\t\t\t\t                <div class=\"jnews_preloader_circle_inner\"><\/div>\n\t\t\t\t            <\/div>\n\t\t\t\t        <\/div>\n\t\t\t\t        <div class=\"module-preloader jeg_preloader square\">\n\t\t\t\t            <div class=\"jeg_square\">\n\t\t\t\t                <div class=\"jeg_square_inner\"><\/div>\n\t\t\t\t            <\/div>\n\t\t\t\t        <\/div>\n\t\t\t\t    <\/div>\n\t\t\t\t<\/div>\n                <\/div>\n                <div class=\"jeg_block_navigation\">\n                    <div class='navigation_overlay'><div class='module-preloader jeg_preloader'><span><\/span><span><\/span><span><\/span><\/div><\/div>\n                    \n                    \n                <\/div>\n\t\t\t\t\t\n\t\t\t\t\t<script>var jnews_module__2_69ef12fba1522 = {\"header_icon\":\"\",\"first_title\":\"\",\"second_title\":\"\",\"url\":\"\",\"header_type\":\"heading_6\",\"header_background\":\"\",\"header_secondary_background\":\"\",\"header_text_color\":\"\",\"header_line_color\":\"\",\"header_accent_color\":\"\",\"header_filter_category\":\"\",\"header_filter_author\":\"\",\"header_filter_tag\":\"\",\"header_filter_text\":\"All\",\"sticky_post\":\"\",\"sticky_post_filter\":false,\"post_type\":\"post\",\"content_type\":\"all\",\"sponsor\":\"\",\"number_post\":\"6\",\"post_offset\":\"0\",\"unique_content\":\"unique1\",\"include_post\":\"\",\"included_only\":\"\",\"exclude_post\":\"2482,2479,2473,2463,2457,2444,2434\",\"include_category\":\"\",\"exclude_category\":\"\",\"include_author\":\"\",\"include_tag\":\"\",\"exclude_tag\":\"\",\"exclude_visited_post\":\"\",\"sort_by\":\"latest\",\"date_format\":\"default\",\"date_format_custom\":\"Y\\\/m\\\/d\",\"excerpt_length\":\"20\",\"excerpt_ellipsis\":\"...\",\"force_normal_image_load\":\"\",\"main_custom_image_size\":\"default\",\"pagination_mode\":\"disable\",\"pagination_nextprev_showtext\":\"\",\"pagination_number_post\":4,\"pagination_scroll_limit\":0,\"ads_type\":\"disable\",\"ads_position\":1,\"ads_random\":\"\",\"ads_image\":\"\",\"ads_image_tablet\":\"\",\"ads_image_phone\":\"\",\"ads_image_link\":\"\",\"ads_image_alt\":\"\",\"ads_image_new_tab\":\"\",\"google_publisher_id\":\"\",\"google_slot_id\":\"\",\"google_desktop\":\"auto\",\"google_tab\":\"auto\",\"google_phone\":\"auto\",\"content\":\"\",\"ads_bottom_text\":\"\",\"boxed\":\"\",\"boxed_shadow\":\"\",\"el_id\":\"\",\"el_class\":\"\",\"scheme\":\"\",\"column_width\":\"auto\",\"title_color\":\"\",\"accent_color\":\"\",\"alt_color\":\"\",\"excerpt_color\":\"\",\"css\":\"\",\"compatible_column_notice\":\"\",\"paged\":1,\"column_class\":\"jeg_col_3o3\",\"class\":\"jnews_block_5\"};<\/script>\n\t\t\t\t<\/div>[vc_raw_html css=&#8221;&#8221;]JTNDY2VudGVyJTNFJTBBJTBBJTNDYSUyMGhyZWYlM0QlMjJodHRwcyUzQSUyRiUyRnRyYWNrLmFkdHJhY3Rpb24uY29tJTJGdCUyRnQlM0ZhJTNEMTg3MzgxMTkwMSUyNmFzJTNEMTg3NzE1ODAyNCUyNnQlM0QyJTI2dGslM0QxJTIyJTIwdGFyZ2V0JTNEJTIyX2JsYW5rJTIyJTIwJTNFJTNDaW1nJTIwc3JjJTNEJTIyaHR0cHMlM0ElMkYlMkZ0cmFjay5hZHRyYWN0aW9uLmNvbSUyRnQlMkZ0JTNGYSUzRDE4NzM4MTE5MDElMjZhcyUzRDE4NzcxNTgwMjQlMjZ0JTNEMSUyNnRrJTNEMSUyNmklM0QxJTIyJTIwd2lkdGglM0QlMjIxMDA4JTIyJTIwaGVpZ2h0JTNEJTIyODQwJTIyJTIwYm9yZGVyJTNEJTIyMCUyMiUzRSUzQyUyRmElM0UlMEElMEElM0MlMkZjZW50ZXIlM0U=[\/vc_raw_html][\/vc_column][vc_column width=&#8221;1\/3&#8243;]<div  class=\"jeg_postblock_27 jeg_postblock_blog_2 jeg_postblock jeg_module_hook jeg_pagination_disable jeg_col_3o3 jnews_module__3_69ef12fba345d   \" data-unique=\"jnews_module__3_69ef12fba345d\">\n                    \n                    <div class=\"jeg_block_container\">\n                    \n                    <div class=\"jeg_posts jeg_load_more_flag\"><article class=\"jeg_post jeg_pl_md_4 format-standard\">\n                    <div class=\"jeg_thumb\">\n                        \n                        <a href=\"https:\/\/www.dknyheder.dk\/da-dk\/danmark\/ulvebestanden-i-danmark-naar-hoejeste-niveau-siden-2012\/2314\/\" aria-label=\"Read article: Ulvebestanden i Danmark n\u00e5r h\u00f8jeste niveau siden 2012\"><div class=\"thumbnail-container animate-lazy  size-715 \"><img loading=\"lazy\" decoding=\"async\" width=\"350\" height=\"250\" src=\"https:\/\/www.dknyheder.dk\/da-dk\/wp-content\/themes\/jnews\/assets\/img\/jeg-empty.png\" class=\"attachment-jnews-350x250 size-jnews-350x250 lazyload wp-post-image\" alt=\"Ulvebestanden i Danmark n\u00e5r h\u00f8jeste niveau siden 2012\" sizes=\"auto, (max-width: 350px) 100vw, 350px\" data-src=\"https:\/\/www.dknyheder.dk\/da-dk\/wp-content\/uploads\/2025\/04\/ulv-danmark-ulvebestanden_01-350x250.jpg\" data-srcset=\"https:\/\/www.dknyheder.dk\/da-dk\/wp-content\/uploads\/2025\/04\/ulv-danmark-ulvebestanden_01-350x250.jpg 350w, https:\/\/www.dknyheder.dk\/da-dk\/wp-content\/uploads\/2025\/04\/ulv-danmark-ulvebestanden_01-120x86.jpg 120w, https:\/\/www.dknyheder.dk\/da-dk\/wp-content\/uploads\/2025\/04\/ulv-danmark-ulvebestanden_01-750x536.jpg 750w\" data-sizes=\"auto\" data-expand=\"700\" \/><\/div><\/a>\n                    <\/div>\n                    <div class=\"jeg_postblock_content\">\n                        <div class=\"jeg_post_category\">\n                            <span><a href=\"https:\/\/www.dknyheder.dk\/da-dk\/danmark\/\">Danmark<\/a><\/span>\n                        <\/div>\n                        <h3 class=\"jeg_post_title\"><a href=\"https:\/\/www.dknyheder.dk\/da-dk\/danmark\/ulvebestanden-i-danmark-naar-hoejeste-niveau-siden-2012\/2314\/\" >Ulvebestanden i Danmark n\u00e5r h\u00f8jeste niveau siden 2012<\/a><\/h3>\n                        \n                        <div class=\"jeg_post_excerpt\">\n                            <p>Ulven ser nu ud til at v\u00e6re fast etableret i Danmark. Ny opg\u00f8relse viser stabil fremgang for Danmarks ulve, omkring...<\/p>\n                        <\/div>\n                    <\/div>\n                <\/article><article class=\"jeg_post jeg_pl_md_4 format-standard\">\n                    <div class=\"jeg_thumb\">\n                        \n                        <a href=\"https:\/\/www.dknyheder.dk\/da-dk\/rejser\/rejseforsikring-daekker-ikke-electronic-travel-authorisation-eta\/2303\/\" aria-label=\"Read article: Rejseforsikring d\u00e6kker ikke Electronic Travel Authorisation (ETA)\"><div class=\"thumbnail-container animate-lazy  size-715 \"><img loading=\"lazy\" decoding=\"async\" width=\"350\" height=\"250\" src=\"https:\/\/www.dknyheder.dk\/da-dk\/wp-content\/themes\/jnews\/assets\/img\/jeg-empty.png\" class=\"attachment-jnews-350x250 size-jnews-350x250 lazyload wp-post-image\" alt=\"Rejseforsikring d\u00e6kker ikke Electronic Travel Authorisation (ETA)\" sizes=\"auto, (max-width: 350px) 100vw, 350px\" data-src=\"https:\/\/www.dknyheder.dk\/da-dk\/wp-content\/uploads\/2025\/04\/london-big-ben-clock-tower-350x250.jpg\" data-srcset=\"https:\/\/www.dknyheder.dk\/da-dk\/wp-content\/uploads\/2025\/04\/london-big-ben-clock-tower-350x250.jpg 350w, https:\/\/www.dknyheder.dk\/da-dk\/wp-content\/uploads\/2025\/04\/london-big-ben-clock-tower-120x86.jpg 120w, https:\/\/www.dknyheder.dk\/da-dk\/wp-content\/uploads\/2025\/04\/london-big-ben-clock-tower-750x536.jpg 750w\" data-sizes=\"auto\" data-expand=\"700\" \/><\/div><\/a>\n                    <\/div>\n                    <div class=\"jeg_postblock_content\">\n                        <div class=\"jeg_post_category\">\n                            <span><a href=\"https:\/\/www.dknyheder.dk\/da-dk\/rejser\/\">Rejser<\/a><\/span>\n                        <\/div>\n                        <h3 class=\"jeg_post_title\"><a href=\"https:\/\/www.dknyheder.dk\/da-dk\/rejser\/rejseforsikring-daekker-ikke-electronic-travel-authorisation-eta\/2303\/\" >Rejseforsikring d\u00e6kker ikke Electronic Travel Authorisation (ETA)<\/a><\/h3>\n                        \n                        <div class=\"jeg_post_excerpt\">\n                            <p>Fra p\u00e5 onsdag d. 2. april 2025 skal du have en forh\u00e5ndsgodkendelse, ogs\u00e5 kaldet Electronic Travel Authorisation (ETA), hvis du...<\/p>\n                        <\/div>\n                    <\/div>\n                <\/article><article class=\"jeg_post jeg_pl_md_4 format-standard\">\n                    <div class=\"jeg_thumb\">\n                        \n                        <a href=\"https:\/\/www.dknyheder.dk\/da-dk\/oekonomi\/her-er-kommunerne-der-har-haevet-skatten-mest-siden-2021\/2295\/\" aria-label=\"Read article: Her er kommunerne, der har h\u00e6vet skatten mest siden 2021\"><div class=\"thumbnail-container animate-lazy  size-715 \"><img loading=\"lazy\" decoding=\"async\" width=\"350\" height=\"250\" src=\"https:\/\/www.dknyheder.dk\/da-dk\/wp-content\/themes\/jnews\/assets\/img\/jeg-empty.png\" class=\"attachment-jnews-350x250 size-jnews-350x250 lazyload wp-post-image\" alt=\"Her er kommunerne, der har h\u00e6vet skatten mest siden 2021\" sizes=\"auto, (max-width: 350px) 100vw, 350px\" data-src=\"https:\/\/www.dknyheder.dk\/da-dk\/wp-content\/uploads\/2025\/04\/kobenhavn-350x250.jpg\" data-srcset=\"https:\/\/www.dknyheder.dk\/da-dk\/wp-content\/uploads\/2025\/04\/kobenhavn-350x250.jpg 350w, https:\/\/www.dknyheder.dk\/da-dk\/wp-content\/uploads\/2025\/04\/kobenhavn-120x86.jpg 120w, https:\/\/www.dknyheder.dk\/da-dk\/wp-content\/uploads\/2025\/04\/kobenhavn-750x536.jpg 750w\" data-sizes=\"auto\" data-expand=\"700\" \/><\/div><\/a>\n                    <\/div>\n                    <div class=\"jeg_postblock_content\">\n                        <div class=\"jeg_post_category\">\n                            <span><a href=\"https:\/\/www.dknyheder.dk\/da-dk\/oekonomi\/\">\u00d8konomi<\/a><\/span>\n                        <\/div>\n                        <h3 class=\"jeg_post_title\"><a href=\"https:\/\/www.dknyheder.dk\/da-dk\/oekonomi\/her-er-kommunerne-der-har-haevet-skatten-mest-siden-2021\/2295\/\" >Her er kommunerne, der har h\u00e6vet skatten mest siden 2021<\/a><\/h3>\n                        \n                        <div class=\"jeg_post_excerpt\">\n                            <p>Flere danske kommuner har p\u00e5 f\u00e5 \u00e5r skruet markant op for skatten \u2013 men der er store forskelle p\u00e5 tv\u00e6rs...<\/p>\n                        <\/div>\n                    <\/div>\n                <\/article><article class=\"jeg_post jeg_pl_md_4 format-standard\">\n                    <div class=\"jeg_thumb\">\n                        \n                        <a href=\"https:\/\/www.dknyheder.dk\/da-dk\/bolig\/andelen-af-de-dyreste-lejlighedssalg-bliver-stadig-stoerre\/2281\/\" aria-label=\"Read article: Andelen af de dyreste lejlighedssalg bliver stadig st\u00f8rre\"><div class=\"thumbnail-container animate-lazy  size-715 \"><img loading=\"lazy\" decoding=\"async\" width=\"350\" height=\"250\" src=\"https:\/\/www.dknyheder.dk\/da-dk\/wp-content\/themes\/jnews\/assets\/img\/jeg-empty.png\" class=\"attachment-jnews-350x250 size-jnews-350x250 lazyload wp-post-image\" alt=\"Andelen af de dyreste lejlighedssalg bliver stadig st\u00f8rre\" sizes=\"auto, (max-width: 350px) 100vw, 350px\" data-src=\"https:\/\/www.dknyheder.dk\/da-dk\/wp-content\/uploads\/2025\/03\/lejlighed-saelges-fem-millioner-eller-mere-boligsiden-350x250.jpg\" data-srcset=\"https:\/\/www.dknyheder.dk\/da-dk\/wp-content\/uploads\/2025\/03\/lejlighed-saelges-fem-millioner-eller-mere-boligsiden-350x250.jpg 350w, https:\/\/www.dknyheder.dk\/da-dk\/wp-content\/uploads\/2025\/03\/lejlighed-saelges-fem-millioner-eller-mere-boligsiden-120x86.jpg 120w, https:\/\/www.dknyheder.dk\/da-dk\/wp-content\/uploads\/2025\/03\/lejlighed-saelges-fem-millioner-eller-mere-boligsiden-750x536.jpg 750w\" data-sizes=\"auto\" data-expand=\"700\" \/><\/div><\/a>\n                    <\/div>\n                    <div class=\"jeg_postblock_content\">\n                        <div class=\"jeg_post_category\">\n                            <span><a href=\"https:\/\/www.dknyheder.dk\/da-dk\/bolig\/\">Bolig<\/a><\/span>\n                        <\/div>\n                        <h3 class=\"jeg_post_title\"><a href=\"https:\/\/www.dknyheder.dk\/da-dk\/bolig\/andelen-af-de-dyreste-lejlighedssalg-bliver-stadig-stoerre\/2281\/\" >Andelen af de dyreste lejlighedssalg bliver stadig st\u00f8rre<\/a><\/h3>\n                        \n                        <div class=\"jeg_post_excerpt\">\n                            <p>Det kr\u00e6ver i mange tilf\u00e6lde et solidt budget at k\u00f8be en ejerlejlighed i Danmark. Nye tal fra Boligsiden viser nemlig,...<\/p>\n                        <\/div>\n                    <\/div>\n                <\/article><article class=\"jeg_post jeg_pl_md_4 format-standard\">\n                    <div class=\"jeg_thumb\">\n                        \n                        <a href=\"https:\/\/www.dknyheder.dk\/da-dk\/danmark\/20-mio-kr-ekstra-i-julehjaelp-til-udsatte-familier\/2272\/\" aria-label=\"Read article: 20 mio. kr. ekstra i julehj\u00e6lp til udsatte familier\"><div class=\"thumbnail-container animate-lazy  size-715 \"><img loading=\"lazy\" decoding=\"async\" width=\"350\" height=\"250\" src=\"https:\/\/www.dknyheder.dk\/da-dk\/wp-content\/themes\/jnews\/assets\/img\/jeg-empty.png\" class=\"attachment-jnews-350x250 size-jnews-350x250 lazyload wp-post-image\" alt=\"20 mio. kr. ekstra i julehj\u00e6lp til udsatte familier\" sizes=\"auto, (max-width: 350px) 100vw, 350px\" data-src=\"https:\/\/www.dknyheder.dk\/da-dk\/wp-content\/uploads\/2024\/12\/julehjaelpen-firedobles-350x250.jpg\" data-srcset=\"https:\/\/www.dknyheder.dk\/da-dk\/wp-content\/uploads\/2024\/12\/julehjaelpen-firedobles-350x250.jpg 350w, https:\/\/www.dknyheder.dk\/da-dk\/wp-content\/uploads\/2024\/12\/julehjaelpen-firedobles-120x86.jpg 120w, https:\/\/www.dknyheder.dk\/da-dk\/wp-content\/uploads\/2024\/12\/julehjaelpen-firedobles-750x536.jpg 750w, https:\/\/www.dknyheder.dk\/da-dk\/wp-content\/uploads\/2024\/12\/julehjaelpen-firedobles-1140x815.jpg 1140w\" data-sizes=\"auto\" data-expand=\"700\" \/><\/div><\/a>\n                    <\/div>\n                    <div class=\"jeg_postblock_content\">\n                        <div class=\"jeg_post_category\">\n                            <span><a href=\"https:\/\/www.dknyheder.dk\/da-dk\/danmark\/\">Danmark<\/a><\/span>\n                        <\/div>\n                        <h3 class=\"jeg_post_title\"><a href=\"https:\/\/www.dknyheder.dk\/da-dk\/danmark\/20-mio-kr-ekstra-i-julehjaelp-til-udsatte-familier\/2272\/\" >20 mio. kr. ekstra i julehj\u00e6lp til udsatte familier<\/a><\/h3>\n                        \n                        <div class=\"jeg_post_excerpt\">\n                            <p>Et flertal af Folketingets partier besluttet at forh\u00f8je Julehj\u00e6lpen til udsatte familier. Julehj\u00e6lpen til udsatte familier firedobles.<\/p>\n                        <\/div>\n                    <\/div>\n                <\/article><article class=\"jeg_post jeg_pl_md_4 format-standard\">\n                    <div class=\"jeg_thumb\">\n                        \n                        <a href=\"https:\/\/www.dknyheder.dk\/da-dk\/sport\/royal-run-2025-vaertsbyer-koebenhavn-ribe-viborg-horsens-og-korsoer\/2262\/\" aria-label=\"Read article: Royal Run 2025 v\u00e6rtsbyer: K\u00f8benhavn, Ribe, Viborg, Horsens og Kors\u00f8r\"><div class=\"thumbnail-container animate-lazy  size-715 \"><img loading=\"lazy\" decoding=\"async\" width=\"350\" height=\"250\" src=\"https:\/\/www.dknyheder.dk\/da-dk\/wp-content\/themes\/jnews\/assets\/img\/jeg-empty.png\" class=\"attachment-jnews-350x250 size-jnews-350x250 lazyload wp-post-image\" alt=\"Royal Run 2025 v\u00e6rtsbyer: K\u00f8benhavn, Ribe, Viborg, Horsens og Kors\u00f8r\" sizes=\"auto, (max-width: 350px) 100vw, 350px\" data-src=\"https:\/\/www.dknyheder.dk\/da-dk\/wp-content\/uploads\/2024\/09\/royal-run-2025-vaertsbyer-350x250.jpg\" data-srcset=\"https:\/\/www.dknyheder.dk\/da-dk\/wp-content\/uploads\/2024\/09\/royal-run-2025-vaertsbyer-350x250.jpg 350w, https:\/\/www.dknyheder.dk\/da-dk\/wp-content\/uploads\/2024\/09\/royal-run-2025-vaertsbyer-120x86.jpg 120w, https:\/\/www.dknyheder.dk\/da-dk\/wp-content\/uploads\/2024\/09\/royal-run-2025-vaertsbyer-750x536.jpg 750w, https:\/\/www.dknyheder.dk\/da-dk\/wp-content\/uploads\/2024\/09\/royal-run-2025-vaertsbyer-1140x815.jpg 1140w\" data-sizes=\"auto\" data-expand=\"700\" \/><\/div><\/a>\n                    <\/div>\n                    <div class=\"jeg_postblock_content\">\n                        <div class=\"jeg_post_category\">\n                            <span><a href=\"https:\/\/www.dknyheder.dk\/da-dk\/sport\/\">Sport<\/a><\/span>\n                        <\/div>\n                        <h3 class=\"jeg_post_title\"><a href=\"https:\/\/www.dknyheder.dk\/da-dk\/sport\/royal-run-2025-vaertsbyer-koebenhavn-ribe-viborg-horsens-og-korsoer\/2262\/\" >Royal Run 2025 v\u00e6rtsbyer: K\u00f8benhavn, Ribe, Viborg, Horsens og Kors\u00f8r<\/a><\/h3>\n                        \n                        <div class=\"jeg_post_excerpt\">\n                            <p>Med H.M. Kongen i spidsen kan Royal Run nu pr\u00e6sentere fire nye v\u00e6rtsbyer og en genganger, der tilsammen vil danne...<\/p>\n                        <\/div>\n                    <\/div>\n                <\/article><\/div>\n                    <div class='module-overlay'>\n\t\t\t\t    <div class='preloader_type preloader_dot'>\n\t\t\t\t        <div class=\"module-preloader jeg_preloader dot\">\n\t\t\t\t            <span><\/span><span><\/span><span><\/span>\n\t\t\t\t        <\/div>\n\t\t\t\t        <div class=\"module-preloader jeg_preloader circle\">\n\t\t\t\t            <div class=\"jnews_preloader_circle_outer\">\n\t\t\t\t                <div class=\"jnews_preloader_circle_inner\"><\/div>\n\t\t\t\t            <\/div>\n\t\t\t\t        <\/div>\n\t\t\t\t        <div class=\"module-preloader jeg_preloader square\">\n\t\t\t\t            <div class=\"jeg_square\">\n\t\t\t\t                <div class=\"jeg_square_inner\"><\/div>\n\t\t\t\t            <\/div>\n\t\t\t\t        <\/div>\n\t\t\t\t    <\/div>\n\t\t\t\t<\/div>\n                <\/div>\n                <div class=\"jeg_block_navigation\">\n                    <div class='navigation_overlay'><div class='module-preloader jeg_preloader'><span><\/span><span><\/span><span><\/span><\/div><\/div>\n                    \n                    \n                <\/div>\n                    \n                    <script>var jnews_module__3_69ef12fba345d = {\"header_icon\":\"\",\"first_title\":\"\",\"second_title\":\"\",\"url\":\"\",\"header_type\":\"heading_6\",\"header_background\":\"\",\"header_secondary_background\":\"\",\"header_text_color\":\"\",\"header_line_color\":\"\",\"header_accent_color\":\"\",\"header_filter_category\":\"\",\"header_filter_author\":\"\",\"header_filter_tag\":\"\",\"header_filter_text\":\"All\",\"sticky_post\":\"\",\"sticky_post_filter\":false,\"post_type\":\"post\",\"content_type\":\"all\",\"sponsor\":\"\",\"number_post\":\"6\",\"post_offset\":\"0\",\"unique_content\":\"unique1\",\"include_post\":\"\",\"included_only\":\"\",\"exclude_post\":\"2482,2479,2473,2463,2457,2444,2434,2426,2415,2391,2347,2340,2324\",\"include_category\":\"\",\"exclude_category\":\"\",\"include_author\":\"\",\"include_tag\":\"\",\"exclude_tag\":\"\",\"exclude_visited_post\":\"\",\"sort_by\":\"latest\",\"date_format\":\"default\",\"date_format_custom\":\"Y\\\/m\\\/d\",\"excerpt_length\":\"20\",\"excerpt_ellipsis\":\"...\",\"force_normal_image_load\":\"\",\"main_custom_image_size\":\"default\",\"pagination_mode\":\"disable\",\"pagination_nextprev_showtext\":\"\",\"pagination_number_post\":6,\"pagination_scroll_limit\":0,\"boxed\":\"\",\"boxed_shadow\":\"\",\"el_id\":\"\",\"el_class\":\"\",\"scheme\":\"\",\"column_width\":\"auto\",\"title_color\":\"\",\"accent_color\":\"\",\"alt_color\":\"\",\"excerpt_color\":\"\",\"css\":\"\",\"compatible_column_notice\":\"\",\"paged\":1,\"column_class\":\"jeg_col_3o3\",\"class\":\"jnews_block_27\"};<\/script>\n                <\/div>[\/vc_column][\/vc_row][vc_row][vc_column width=&#8221;1\/2&#8243;]<div  class=\"jeg_heroblock jeg_heroblock_13 jeg_col_3o3 jeg_hero_style_6 jnews_module__4_69ef12fba5a1c  \" data-margin=\"0\" >\n                <div class=\"jeg_hero_wrapper\"><div class=\"jeg_heroblock_wrapper\" style='margin: 0px 0px -0px -0px;'>\n\t                <article class=\"jeg_post jeg_hero_item_1 format-standard\" style=\"padding: 0 0 0px 0px;\">\n                        <div class=\"jeg_block_container\">\n                            \n                            <span class=\"jeg_postformat_icon\"><\/span>\n                            <div class=\"jeg_thumb\">\n                                <a href=\"https:\/\/www.dknyheder.dk\/da-dk\/arrangementer\/time-travelling-oplev-1600-tallet-paa-rosenborg-i-sommerferien\/2245\/\"  aria-label=\"Read article: Time-travelling: Oplev 1600-tallet p\u00e5 Rosenborg i sommerferien\"><div class=\"thumbnail-container thumbnail-background\" data-src=\"https:\/\/www.dknyheder.dk\/da-dk\/wp-content\/uploads\/2024\/07\/rosenborg_1-1140x760.jpg\" >\n                        <div class=\"lazyloaded\" data-src=\"https:\/\/www.dknyheder.dk\/da-dk\/wp-content\/uploads\/2024\/07\/rosenborg_1-1140x760.jpg\" style=\"background-image: url(https:\/\/www.dknyheder.dk\/da-dk\/wp-content\/uploads\/2024\/07\/rosenborg_1-1140x760.jpg)\"><\/div>\n                    <\/div><\/a>\n                            <\/div>\n                            <div class=\"jeg_postblock_content\">\n                                <div class=\"jeg_post_category\"><a href=\"https:\/\/www.dknyheder.dk\/da-dk\/arrangementer\/\" class=\"category-arrangementer\">Arrangementer<\/a><\/div>\n                                <div class=\"jeg_post_info\">\n                                    <h2 class=\"jeg_post_title\">\n                                        <a href=\"https:\/\/www.dknyheder.dk\/da-dk\/arrangementer\/time-travelling-oplev-1600-tallet-paa-rosenborg-i-sommerferien\/2245\/\"  aria-label=\"Read article: Time-travelling: Oplev 1600-tallet p\u00e5 Rosenborg i sommerferien\">Time-travelling: Oplev 1600-tallet p\u00e5 Rosenborg i sommerferien<\/a>\n                                    <\/h2>\n                                    \n                                <\/div>\n                            <\/div>\n                        <\/div>\n                    <\/article>\n\t            <\/div><\/div>\n            <\/div>\n            <div  class=\"jeg_heroblock jeg_heroblock_13 jeg_col_3o3 jeg_hero_style_6 jnews_module__5_69ef12fba648c  \" data-margin=\"0\" >\n                <div class=\"jeg_hero_wrapper\"><div class=\"jeg_heroblock_wrapper\" style='margin: 0px 0px -0px -0px;'>\n\t                <article class=\"jeg_post jeg_hero_item_1 format-standard\" style=\"padding: 0 0 0px 0px;\">\n                        <div class=\"jeg_block_container\">\n                            \n                            <span class=\"jeg_postformat_icon\"><\/span>\n                            <div class=\"jeg_thumb\">\n                                <a href=\"https:\/\/www.dknyheder.dk\/da-dk\/danmark\/julehjaelp-roede-kors-og-burger-king-udvider-samarbejdet\/2230\/\"  aria-label=\"Read article: Julehj\u00e6lp: R\u00f8de Kors og Burger King udvider samarbejdet\"><div class=\"thumbnail-container thumbnail-background\" data-src=\"https:\/\/www.dknyheder.dk\/da-dk\/wp-content\/uploads\/2024\/07\/roede-kors-1140x760.png\" >\n                        <div class=\"lazyloaded\" data-src=\"https:\/\/www.dknyheder.dk\/da-dk\/wp-content\/uploads\/2024\/07\/roede-kors-1140x760.png\" style=\"background-image: url(https:\/\/www.dknyheder.dk\/da-dk\/wp-content\/uploads\/2024\/07\/roede-kors-1140x760.png)\"><\/div>\n                    <\/div><\/a>\n                            <\/div>\n                            <div class=\"jeg_postblock_content\">\n                                <div class=\"jeg_post_category\"><a href=\"https:\/\/www.dknyheder.dk\/da-dk\/danmark\/\" class=\"category-danmark\">Danmark<\/a><\/div>\n                                <div class=\"jeg_post_info\">\n                                    <h2 class=\"jeg_post_title\">\n                                        <a href=\"https:\/\/www.dknyheder.dk\/da-dk\/danmark\/julehjaelp-roede-kors-og-burger-king-udvider-samarbejdet\/2230\/\"  aria-label=\"Read article: Julehj\u00e6lp: R\u00f8de Kors og Burger King udvider samarbejdet\">Julehj\u00e6lp: R\u00f8de Kors og Burger King udvider samarbejdet<\/a>\n                                    <\/h2>\n                                    \n                                <\/div>\n                            <\/div>\n                        <\/div>\n                    <\/article>\n\t            <\/div><\/div>\n            <\/div>\n            [\/vc_column][vc_column width=&#8221;1\/2&#8243;]<div  class=\"jeg_heroblock jeg_heroblock_13 jeg_col_3o3 jeg_hero_style_6 jnews_module__6_69ef12fba6d2a  \" data-margin=\"0\" >\n                <div class=\"jeg_hero_wrapper\"><div class=\"jeg_heroblock_wrapper\" style='margin: 0px 0px -0px -0px;'>\n\t                <article class=\"jeg_post jeg_hero_item_1 format-standard\" style=\"padding: 0 0 0px 0px;\">\n                        <div class=\"jeg_block_container\">\n                            \n                            <span class=\"jeg_postformat_icon\"><\/span>\n                            <div class=\"jeg_thumb\">\n                                <a href=\"https:\/\/www.dknyheder.dk\/da-dk\/sundhed\/nye-tal-flere-overlever-bugspytkirtelkraeft-pancreascancer\/2222\/\"  aria-label=\"Read article: Nye tal: Flere overlever bugspytkirtelkr\u00e6ft (pancreascancer)\"><div class=\"thumbnail-container thumbnail-background\" data-src=\"https:\/\/www.dknyheder.dk\/da-dk\/wp-content\/uploads\/2024\/07\/kraeftens-baekempelse-kraeft-i-bugspytkirtlen-1140x760.jpg\" >\n                        <div class=\"lazyloaded\" data-src=\"https:\/\/www.dknyheder.dk\/da-dk\/wp-content\/uploads\/2024\/07\/kraeftens-baekempelse-kraeft-i-bugspytkirtlen-1140x760.jpg\" style=\"background-image: url(https:\/\/www.dknyheder.dk\/da-dk\/wp-content\/uploads\/2024\/07\/kraeftens-baekempelse-kraeft-i-bugspytkirtlen-1140x760.jpg)\"><\/div>\n                    <\/div><\/a>\n                            <\/div>\n                            <div class=\"jeg_postblock_content\">\n                                <div class=\"jeg_post_category\"><a href=\"https:\/\/www.dknyheder.dk\/da-dk\/sundhed\/\" class=\"category-sundhed\">Sundhed<\/a><\/div>\n                                <div class=\"jeg_post_info\">\n                                    <h2 class=\"jeg_post_title\">\n                                        <a href=\"https:\/\/www.dknyheder.dk\/da-dk\/sundhed\/nye-tal-flere-overlever-bugspytkirtelkraeft-pancreascancer\/2222\/\"  aria-label=\"Read article: Nye tal: Flere overlever bugspytkirtelkr\u00e6ft (pancreascancer)\">Nye tal: Flere overlever bugspytkirtelkr\u00e6ft (pancreascancer)<\/a>\n                                    <\/h2>\n                                    \n                                <\/div>\n                            <\/div>\n                        <\/div>\n                    <\/article>\n\t            <\/div><\/div>\n            <\/div>\n            <div  class=\"jeg_heroblock jeg_heroblock_13 jeg_col_3o3 jeg_hero_style_6 jnews_module__7_69ef12fba7590  \" data-margin=\"0\" >\n                <div class=\"jeg_hero_wrapper\"><div class=\"jeg_heroblock_wrapper\" style='margin: 0px 0px -0px -0px;'>\n\t                <article class=\"jeg_post jeg_hero_item_1 format-standard\" style=\"padding: 0 0 0px 0px;\">\n                        <div class=\"jeg_block_container\">\n                            \n                            <span class=\"jeg_postformat_icon\"><\/span>\n                            <div class=\"jeg_thumb\">\n                                <a href=\"https:\/\/www.dknyheder.dk\/da-dk\/danmark\/feriehjaelp-red-barnet-sender-rekordmange-boern-paa-ferielejr\/2210\/\"  aria-label=\"Read article: Feriehj\u00e6lp: Red Barnet sender rekordmange b\u00f8rn p\u00e5 ferielejr\"><div class=\"thumbnail-container thumbnail-background\" data-src=\"https:\/\/www.dknyheder.dk\/da-dk\/wp-content\/uploads\/2024\/07\/red-barnet-ferielejre-1140x760.jpg\" >\n                        <div class=\"lazyloaded\" data-src=\"https:\/\/www.dknyheder.dk\/da-dk\/wp-content\/uploads\/2024\/07\/red-barnet-ferielejre-1140x760.jpg\" style=\"background-image: url(https:\/\/www.dknyheder.dk\/da-dk\/wp-content\/uploads\/2024\/07\/red-barnet-ferielejre-1140x760.jpg)\"><\/div>\n                    <\/div><\/a>\n                            <\/div>\n                            <div class=\"jeg_postblock_content\">\n                                <div class=\"jeg_post_category\"><a href=\"https:\/\/www.dknyheder.dk\/da-dk\/danmark\/\" class=\"category-danmark\">Danmark<\/a><\/div>\n                                <div class=\"jeg_post_info\">\n                                    <h2 class=\"jeg_post_title\">\n                                        <a href=\"https:\/\/www.dknyheder.dk\/da-dk\/danmark\/feriehjaelp-red-barnet-sender-rekordmange-boern-paa-ferielejr\/2210\/\"  aria-label=\"Read article: Feriehj\u00e6lp: Red Barnet sender rekordmange b\u00f8rn p\u00e5 ferielejr\">Feriehj\u00e6lp: Red Barnet sender rekordmange b\u00f8rn p\u00e5 ferielejr<\/a>\n                                    <\/h2>\n                                    \n                                <\/div>\n                            <\/div>\n                        <\/div>\n                    <\/article>\n\t            <\/div><\/div>\n            <\/div>\n            [\/vc_column][\/vc_row][vc_row][vc_column offset=&#8221;vc_hidden-lg vc_hidden-md vc_hidden-sm vc_hidden-xs&#8221;]<div  class=\"jeg_postblock_28 jeg_postblock jeg_module_hook jeg_pagination_disable jeg_col_3o3 jnews_module__8_69ef12fba84ed  jeg_pb_boxed jeg_pb_boxed_shadow  \" data-unique=\"jnews_module__8_69ef12fba84ed\">\n\t\t\t\t\t<div class=\"jeg_block_heading jeg_block_heading_6 jeg_subcat_right\">\n                     <h3 class=\"jeg_block_title\"><a href='https:\/\/www.dknyheder.dk\/da-dk\/'><span>Seneste Nyheder<\/span><\/a><\/h3>\n                     \n                 <\/div>\n\t\t\t\t\t<div class=\"jeg_block_container\">\n                    \n                    <div class=\"jeg_posts show_border\">\n                    <div class=\"jeg_postsmall jeg_load_more_flag\">\n                        <article class=\"jeg_post jeg_pl_xs_4 format-standard\">\n                    <div class=\"jeg_postblock_content\">\n                        <h3 class=\"jeg_post_title\">\n                            <a href=\"https:\/\/www.dknyheder.dk\/da-dk\/danmark\/forbud-for-ulovlige-e-cigaretter-puff-bar-er-traadt-i-kraft\/2200\/\">Forbud for ulovlige e-cigaretter (puff bar) er tr\u00e5dt i kraft<\/a>\n                        <\/h3>\n                        \n                    <\/div>\n                <\/article><article class=\"jeg_post jeg_pl_xs_4 format-standard\">\n                    <div class=\"jeg_postblock_content\">\n                        <h3 class=\"jeg_post_title\">\n                            <a href=\"https:\/\/www.dknyheder.dk\/da-dk\/sport\/fodbold\/totalfodbold-og-tirsdagstraenerne-faar-premiere-paa-tv-2\/2192\/\">&#8216;Totalfodbold&#8217; og &#8216;Tirsdagstr\u00e6nerne&#8217; f\u00e5r premiere p\u00e5 TV 2<\/a>\n                        <\/h3>\n                        \n                    <\/div>\n                <\/article><article class=\"jeg_post jeg_pl_xs_4 format-standard\">\n                    <div class=\"jeg_postblock_content\">\n                        <h3 class=\"jeg_post_title\">\n                            <a href=\"https:\/\/www.dknyheder.dk\/da-dk\/rejser\/graekenland-spanien-og-tyrkiet-hitter-fra-billund-lufthavn\/2186\/\">Gr\u00e6kenland, Spanien og Tyrkiet hitter fra Billund Lufthavn<\/a>\n                        <\/h3>\n                        \n                    <\/div>\n                <\/article><article class=\"jeg_post jeg_pl_xs_4 format-standard\">\n                    <div class=\"jeg_postblock_content\">\n                        <h3 class=\"jeg_post_title\">\n                            <a href=\"https:\/\/www.dknyheder.dk\/da-dk\/biler\/bmw-m5-m-hybrid-lanceres-i-november-i-danmark\/2177\/\">BMW M5 M Hybrid lanceres i november i Danmark<\/a>\n                        <\/h3>\n                        \n                    <\/div>\n                <\/article><article class=\"jeg_post jeg_pl_xs_4 format-standard\">\n                    <div class=\"jeg_postblock_content\">\n                        <h3 class=\"jeg_post_title\">\n                            <a href=\"https:\/\/www.dknyheder.dk\/da-dk\/biler\/ny-nissan-qashqai-med-priser-fra-kr-299-900\/2156\/\">Ny Nissan Qashqai med priser fra kr. 299.900<\/a>\n                        <\/h3>\n                        \n                    <\/div>\n                <\/article><article class=\"jeg_post jeg_pl_xs_4 format-standard\">\n                    <div class=\"jeg_postblock_content\">\n                        <h3 class=\"jeg_post_title\">\n                            <a href=\"https:\/\/www.dknyheder.dk\/da-dk\/arrangementer\/festivaler\/tinderbox-2024-musikken-har-leveret-i-tusindaarsskoven\/2148\/\">Tinderbox 2024: Musikken har leveret i Tusind\u00e5rsskoven<\/a>\n                        <\/h3>\n                        \n                    <\/div>\n                <\/article><article class=\"jeg_post jeg_pl_xs_4 format-standard\">\n                    <div class=\"jeg_postblock_content\">\n                        <h3 class=\"jeg_post_title\">\n                            <a href=\"https:\/\/www.dknyheder.dk\/da-dk\/navnenyt\/nyt-job\/tv-2-ansaetter-jakob-dahlgaard-fink-som-ny-finansdirektoer\/2143\/\">TV 2 ans\u00e6tter Jakob Dahlgaard Fink som ny finansdirekt\u00f8r<\/a>\n                        <\/h3>\n                        \n                    <\/div>\n                <\/article><article class=\"jeg_post jeg_pl_xs_4 format-standard\">\n                    <div class=\"jeg_postblock_content\">\n                        <h3 class=\"jeg_post_title\">\n                            <a href=\"https:\/\/www.dknyheder.dk\/da-dk\/sundhed\/eu-sygesikringskort-stor-forskel-paa-egenbetaling-i-eu-lande\/2105\/\">EU-sygesikringskort: Stor forskel p\u00e5 egenbetaling i EU-lande<\/a>\n                        <\/h3>\n                        \n                    <\/div>\n                <\/article><article class=\"jeg_post jeg_pl_xs_4 format-standard\">\n                    <div class=\"jeg_postblock_content\">\n                        <h3 class=\"jeg_post_title\">\n                            <a href=\"https:\/\/www.dknyheder.dk\/da-dk\/arrangementer\/koncerter\/spectral-wound-spiller-i-pumpehuset-den-25-oktober-2024\/2093\/\">Spectral Wound spiller i Pumpehuset den 25. oktober 2024<\/a>\n                        <\/h3>\n                        \n                    <\/div>\n                <\/article><article class=\"jeg_post jeg_pl_xs_4 format-standard\">\n                    <div class=\"jeg_postblock_content\">\n                        <h3 class=\"jeg_post_title\">\n                            <a href=\"https:\/\/www.dknyheder.dk\/da-dk\/arrangementer\/koncerter\/juletour-2024-fabrak-kommer-landet-rundt-over-8-aftener\/2084\/\">Juletour 2024: Fabr\u00e4k kommer landet rundt over 8 aftener<\/a>\n                        <\/h3>\n                        \n                    <\/div>\n                <\/article>\n                    <\/div>\n                <\/div>\n                    <div class='module-overlay'>\n\t\t\t\t    <div class='preloader_type preloader_dot'>\n\t\t\t\t        <div class=\"module-preloader jeg_preloader dot\">\n\t\t\t\t            <span><\/span><span><\/span><span><\/span>\n\t\t\t\t        <\/div>\n\t\t\t\t        <div class=\"module-preloader jeg_preloader circle\">\n\t\t\t\t            <div class=\"jnews_preloader_circle_outer\">\n\t\t\t\t                <div class=\"jnews_preloader_circle_inner\"><\/div>\n\t\t\t\t            <\/div>\n\t\t\t\t        <\/div>\n\t\t\t\t        <div class=\"module-preloader jeg_preloader square\">\n\t\t\t\t            <div class=\"jeg_square\">\n\t\t\t\t                <div class=\"jeg_square_inner\"><\/div>\n\t\t\t\t            <\/div>\n\t\t\t\t        <\/div>\n\t\t\t\t    <\/div>\n\t\t\t\t<\/div>\n                <\/div>\n                <div class=\"jeg_block_navigation\">\n                    <div class='navigation_overlay'><div class='module-preloader jeg_preloader'><span><\/span><span><\/span><span><\/span><\/div><\/div>\n                    \n                    \n                <\/div>\n\t\t\t\t\t\n\t\t\t\t\t<script>var jnews_module__8_69ef12fba84ed = {\"header_icon\":\"\",\"first_title\":\"Seneste Nyheder\",\"second_title\":\"\",\"url\":\"https:\\\/\\\/www.dknyheder.dk\\\/da-dk\\\/\",\"header_type\":\"heading_6\",\"header_background\":\"\",\"header_secondary_background\":\"\",\"header_text_color\":\"\",\"header_line_color\":\"\",\"header_accent_color\":\"\",\"header_filter_category\":\"\",\"header_filter_author\":\"\",\"header_filter_tag\":\"\",\"header_filter_text\":\"All\",\"sticky_post\":\"\",\"sticky_post_filter\":false,\"post_type\":\"post\",\"content_type\":\"all\",\"sponsor\":\"\",\"number_post\":\"10\",\"post_offset\":\"0\",\"unique_content\":\"unique1\",\"include_post\":\"\",\"included_only\":\"\",\"exclude_post\":\"2482,2479,2473,2463,2457,2444,2434,2426,2415,2391,2347,2340,2324,2314,2303,2295,2281,2272,2262,2245,2230,2222,2210\",\"include_category\":\"\",\"exclude_category\":\"\",\"include_author\":\"\",\"include_tag\":\"\",\"exclude_tag\":\"\",\"exclude_visited_post\":\"\",\"sort_by\":\"latest\",\"show_date\":\"\",\"date_format\":\"default\",\"date_format_custom\":\"Y\\\/m\\\/d\",\"pagination_mode\":\"disable\",\"pagination_nextprev_showtext\":\"\",\"pagination_number_post\":4,\"pagination_scroll_limit\":0,\"ads_type\":\"disable\",\"ads_position\":1,\"ads_random\":\"\",\"ads_image\":\"\",\"ads_image_tablet\":\"\",\"ads_image_phone\":\"\",\"ads_image_link\":\"\",\"ads_image_alt\":\"\",\"ads_image_new_tab\":\"\",\"google_publisher_id\":\"\",\"google_slot_id\":\"\",\"google_desktop\":\"auto\",\"google_tab\":\"auto\",\"google_phone\":\"auto\",\"content\":\"\",\"ads_bottom_text\":\"\",\"boxed\":\"true\",\"boxed_shadow\":\"true\",\"show_border\":\"true\",\"el_id\":\"\",\"el_class\":\"\",\"scheme\":\"\",\"column_width\":\"auto\",\"title_color\":\"\",\"accent_color\":\"\",\"alt_color\":\"\",\"excerpt_color\":\"\",\"css\":\"\",\"compatible_column_notice\":\"\",\"paged\":1,\"column_class\":\"jeg_col_3o3\",\"class\":\"jnews_block_28\"};<\/script>\n\t\t\t\t<\/div>[\/vc_column][\/vc_row]<\/p>\n<\/div>","protected":false},"excerpt":{"rendered":"<p>[vc_row][vc_column sticky_sidebar=&#8221;yes&#8221;][vc_raw_html css=&#8221;&#8221;]JTNDY2VudGVyJTNFJTBBJTBBJTNDYSUyMGhyZWYlM0QlMjJodHRwcyUzQSUyRiUyRmlvbi5kdXN0aW5ob21lLmRrJTJGdCUyRnQlM0ZhJTNEMTgwMDg4MjEyOSUyNmFzJTNEMTg3NzE1ODAyNCUyNnQlM0QyJTI2dGslM0QxJTIyJTIwdGFyZ2V0JTNEJTIyX2JsYW5rJTIyJTIwJTNFJTNDaW1nJTIwc3JjJTNEJTIyaHR0cHMlM0ElMkYlMkZ0cmFjay5hZHRyYWN0aW9uLmNvbSUyRnQlMkZ0JTNGYSUzRDE4MDA4ODIxMjklMjZhcyUzRDE4NzcxNTgwMjQlMjZ0JTNEMSUyNnRrJTNEMSUyNmklM0QxJTIyJTIwd2lkdGglM0QlMjIzMDAlMjIlMjBoZWlnaHQlM0QlMjIyNTAlMjIlMjBib3JkZXIlM0QlMjIwJTIyJTNFJTNDJTJGYSUzRSUwQSUwQSUzQyUyRmNlbnRlciUzRQ==[\/vc_raw_html][\/vc_column][\/vc_row][vc_row][vc_column width=&#8221;2\/3&#8243;][vc_raw_html css=&#8221;&#8221;]JTNDY2VudGVyJTNFJTBBJTBBJTNDYSUyMGhyZWYlM0QlMjJodHRwcyUzQSUyRiUyRnRyYWNrLmFkdHJhY3Rpb24uY29tJTJGdCUyRnQlM0ZhJTNEMTg3MzgxMTkwMSUyNmFzJTNEMTg3NzE1ODAyNCUyNnQlM0QyJTI2dGslM0QxJTIyJTIwdGFyZ2V0JTNEJTIyX2JsYW5rJTIyJTIwJTNFJTNDaW1nJTIwc3JjJTNEJTIyaHR0cHMlM0ElMkYlMkZ0cmFjay5hZHRyYWN0aW9uLmNvbSUyRnQlMkZ0JTNGYSUzRDE4NzM4MTE5MDElMjZhcyUzRDE4NzcxNTgwMjQlMjZ0JTNEMSUyNnRrJTNEMSUyNmklM0QxJTIyJTIwd2lkdGglM0QlMjIxMDA4JTIyJTIwaGVpZ2h0JTNEJTIyODQwJTIyJTIwYm9yZGVyJTNEJTIyMCUyMiUzRSUzQyUyRmElM0UlMEElMEElM0MlMkZjZW50ZXIlM0U=[\/vc_raw_html][\/vc_column][vc_column width=&#8221;1\/3&#8243;][\/vc_column][\/vc_row][vc_row][vc_column width=&#8221;1\/2&#8243;][\/vc_column][vc_column width=&#8221;1\/2&#8243;][\/vc_column][\/vc_row][vc_row][vc_column offset=&#8221;vc_hidden-lg vc_hidden-md vc_hidden-sm vc_hidden-xs&#8221;][\/vc_column][\/vc_row]<\/p>\n","protected":false},"author":1,"featured_media":0,"parent":0,"menu_order":0,"comment_status":"open","ping_status":"closed","template":"template-index.php","meta":{"jnews_page_loop":{"enable_page_loop":"0","first_title":"Latest Post","second_title":"","header_type":"heading_6","header_background":"","header_text_color":"","layout":"right-sidebar","sidebar":"default-sidebar","second_sidebar":"default-sidebar","sticky_sidebar":"1","module":"3","boxed":"0","boxed_shadow":"0","box_shadow":"0","excerpt_length":"20","content_date":"default","date_custom":"Y\/m\/d","content_pagination":"nav_1","pagination_align":"center","show_navtext":"0","show_pageinfo":"0","post_offset":"0","posts_per_page":"5","include_post":"","exclude_post":"","include_category":"","exclude_category":"","include_author":"","include_tag":"","exclude_tag":"","sort_by":"latest","main_custom_image_size":"default","second_custom_image_size":"default","post_sticky":"0"},"jnews_single_page":{"layout":"no-sidebar","sidebar":"default-sidebar","second_sidebar":"default-sidebar","sticky_sidebar":"1","show_post_featured":"1","show_post_meta":"0","share_position":"top","share_color":"share-monocrhome","show_post_title":"1","show_post_breadcrumbs":"1"},"footnotes":""},"class_list":["post-24","page","type-page","status-publish","hentry"],"_links":{"self":[{"href":"https:\/\/www.dknyheder.dk\/da-dk\/wp-json\/wp\/v2\/pages\/24","targetHints":{"allow":["GET"]}}],"collection":[{"href":"https:\/\/www.dknyheder.dk\/da-dk\/wp-json\/wp\/v2\/pages"}],"about":[{"href":"https:\/\/www.dknyheder.dk\/da-dk\/wp-json\/wp\/v2\/types\/page"}],"author":[{"embeddable":true,"href":"https:\/\/www.dknyheder.dk\/da-dk\/wp-json\/wp\/v2\/users\/1"}],"replies":[{"embeddable":true,"href":"https:\/\/www.dknyheder.dk\/da-dk\/wp-json\/wp\/v2\/comments?post=24"}],"version-history":[{"count":11,"href":"https:\/\/www.dknyheder.dk\/da-dk\/wp-json\/wp\/v2\/pages\/24\/revisions"}],"predecessor-version":[{"id":2498,"href":"https:\/\/www.dknyheder.dk\/da-dk\/wp-json\/wp\/v2\/pages\/24\/revisions\/2498"}],"wp:attachment":[{"href":"https:\/\/www.dknyheder.dk\/da-dk\/wp-json\/wp\/v2\/media?parent=24"}],"curies":[{"name":"wp","href":"https:\/\/api.w.org\/{rel}","templated":true}]}}